{"id":1217855,"date":"2021-06-08T15:40:38","date_gmt":"2021-06-08T12:40:38","guid":{"rendered":"https:\/\/robin.jobs\/lv\/privacy-policy-for-persons-submitting-inquiries-requests-complaints"},"modified":"2026-04-18T20:18:23","modified_gmt":"2026-04-18T17:18:23","slug":"privacy-policy-for-persons-submitting-inquiries-requests-complaints","status":"publish","type":"page","link":"https:\/\/robin.jobs\/lv\/privacy-policy-for-persons-submitting-inquiries-requests-complaints","title":{"rendered":"SIA\u00a0ROBIN JOBS KONFIDENCIALIT\u0100TES POLITIKA PERSON\u0100M, KAS IESNIEDZ PIEPRAS\u012aJUMUS, S\u016aDZ\u012aBAS, JAUT\u0100JUMUS"},"content":{"rendered":"<p><b>Atjaunots: 2021-06-01<\/b><\/p>\n<p>&nbsp;<\/p>\n<p><span style=\"font-weight: 400;\">SIA\u00a0 Robin Jobs g\u0101d\u0101 par j\u016bsu datu aizsardz\u012bbu. M\u0113s iev\u0113rojam Eiropas Savien\u012bbas Visp\u0101r\u0113jo Datu Regulu (GDPR), k\u0101 ar\u012b citus ties\u012bbu aktus, kuri aizsrag\u0101 j\u016bsu sniegto inform\u0101ciju m\u016bsu uz\u0146\u0113mumam, kur to m\u0113s iev\u0101cam, apstr\u0101d\u0101jam un glab\u0101jam.\u00a0<\/span><\/p>\n<p>&nbsp;<\/p>\n<ul>\n<li aria-level=\"2\"><b>K\u0101 las\u012bt \u0161o konfidecialit\u0101tes politiku?<\/b><\/li>\n<\/ul>\n<p>&nbsp;<\/p>\n<p><span style=\"font-weight: 400;\">\u0160\u012b Konfidencialit\u0101tes Politika atbild\u0113s uz galvenajiem jaut\u0101jumiem par to, k\u0101 m\u0113s apkopojam, izmantojam un uzglab\u0101jam j\u016bsu datus. Ja jums ir k\u0101di jaut\u0101jumi vai k\u0101da \u0161\u012b pazi\u0146ojuma da\u013ca ir neskaidra, m\u0113s esam gatavi pal\u012bdz\u0113t, k\u0101 aprakst\u012bts \u0161is Konfidencialit\u0101tes politikas 10. sada\u013c\u0101. L\u016bdzu, \u0146emiet v\u0113r\u0101, ka jebkura atsauce uz \u201cm\u0113s\u201d \u0161aj\u0101 Kofidencialit\u0101tes politik\u0101 noz\u012bm\u0113 m\u016bsu uz\u0146\u0113mumu, k\u0101 nor\u0101d\u012bts Kofidencialit\u0101tes politikas 2. sada\u013c\u0101.\u00a0\u00a0<\/span><\/p>\n<p>&nbsp;<\/p>\n<ul>\n<li aria-level=\"2\"><b>Kas ir atbild\u012bgas par manu datu aizsardz\u012bbu?\u00a0<\/b><\/li>\n<\/ul>\n<p>&nbsp;<\/p>\n<p><span style=\"font-weight: 400;\">M\u0113s \u2013<\/span> <span style=\"font-weight: 400;\">SIA<\/span> <span style=\"font-weight: 400;\">Robin Jobs;<\/span><\/p>\n<p><span style=\"font-weight: 400;\">Uz\u0146\u0113muma re\u0123istr\u0101cijas nummurs: 50203093261;<\/span><\/p>\n<p><span style=\"font-weight: 400;\">Adrese: A. \u010caka iela 55, R\u012bga, LV 1003;<\/span><\/p>\n<p><span style=\"font-weight: 400;\">E-pasts: finance@robin.jobs<\/span><\/p>\n<p>&nbsp;<\/p>\n<ul>\n<li aria-level=\"2\"><b>K\u0101d\u0113\u013c j\u016bs apkopojiet manus datus?<\/b><\/li>\n<\/ul>\n<p>&nbsp;<\/p>\n<p><span style=\"font-weight: 400;\">M\u0113s apkopojam, izmantojam un glab\u0101jam j\u016bsu datus \u0161\u0101du iemeslu d\u0113\u013c:<\/span><\/p>\n<ul>\n<li style=\"font-weight: 400;\" aria-level=\"1\"><span style=\"font-weight: 400;\">sp\u0113t pien\u0101c\u012bgi administr\u0113t ien\u0101ko\u0161os jaut\u0101jumus, piepras\u012bjumus un s\u016bdz\u012bbas un atbild\u0113t uz tiem;<\/span><\/li>\n<li style=\"font-weight: 400;\" aria-level=\"1\"><span style=\"font-weight: 400;\">mums ir juridisks pien\u0101kums re\u0123istr\u0113t uz\u0146\u0113muma darb\u012bbu;<\/span><\/li>\n<li style=\"font-weight: 400;\" aria-level=\"1\"><span style=\"font-weight: 400;\">m\u016bsu likum\u012bgo intere\u0161u aizst\u0101v\u012bbai \u2013 ja tas b\u016btu nepiecie\u0161ams, m\u0113s var\u0113tu izmantot j\u016bsu personas datus savu likum\u012bgo intere\u0161u, tostarp reput\u0101cijas, aizst\u0101v\u012bb\u0101, ties\u0101s, str\u012bdu iz\u0161\u0137ir\u0161anas iest\u0101d\u0113s un cit\u0101s kompetent\u0101s iest\u0101d\u0113s.<\/span><\/li>\n<\/ul>\n<p>&nbsp;<\/p>\n<ul>\n<li aria-level=\"2\"><b>K\u0101du inform\u0101ciju man jums ir jaiesniedz un k\u0101d\u0113\u013c?<\/b><\/li>\n<\/ul>\n<p>&nbsp;<\/p>\n<p><span style=\"font-weight: 400;\">Re\u0123istr\u0113joties, izmantojot kontaktinform\u0101cijas e-pasta adresi, kas nor\u0101d\u012bta t\u012bmek\u013ca vietn\u0113, pa pastu vai izmantojot citus sazi\u0146as l\u012bdzek\u013cus, jums j\u0101nor\u0101da savs v\u0101rds, uzv\u0101rds, e-pasts vai cita kontaktinform\u0101cija, pieteikuma priek\u0161mets, k\u0101 ar\u012b inform\u0101cija, kas attiecas uz pieteikumu. Iesniedzot pieteikumu, jums var l\u016bgt sniegt papildu inform\u0101ciju par sevi, lai m\u0113s var\u0113tu pien\u0101c\u012bgi atbild\u0113t uz j\u016bsu jaut\u0101jumu.<\/span><\/p>\n<p>&nbsp;<\/p>\n<ol>\n<li style=\"font-weight: 400;\" aria-level=\"2\"><b>K\u0101ds ir likum\u012bgais pamats manu datu iev\u0101k\u0161anai?\u00a0<\/b><\/li>\n<\/ol>\n<p>&nbsp;<\/p>\n<p><span style=\"font-weight: 400;\">M\u0113s likum\u012bgi iev\u0101cam, apstr\u0101d\u0101jam un uzgl\u0101b\u0101jam j\u016bsu datus \u0161\u0101du iemeslu d\u0113\u013c:<\/span><\/p>\n<ul>\n<li style=\"font-weight: 400;\" aria-level=\"1\"><span style=\"font-weight: 400;\">ja j\u016bs veicat pieteikumu, piepras\u012bjumu vai s\u016bdz\u012bbu mums par l\u012bgumu, kas nosl\u0113gts starp mums, \u0161ie dati tiek v\u0101kti, lai izpild\u012btu vai nosl\u0113gtu l\u012bguma (GDPR 6. panta 1. punkta b) apak\u0161punkts);<\/span><\/li>\n<li style=\"font-weight: 400;\" aria-level=\"1\"><span style=\"font-weight: 400;\">ja j\u016bs veicat pieteikumu,\u00a0 piepras\u012bjumu vai s\u016bdz\u012bbu k\u0101da cita iemesla d\u0113\u013c, kas nav l\u012bguma nosl\u0113g\u0161ana vai izpilde, mums ir likum\u012bgas intereses p\u0101rvald\u012bt sa\u0146emto izmekl\u0113\u0161anu (GDPR 6. panta 1. punkta f) apak\u0161punkts);<\/span><\/li>\n<li style=\"font-weight: 400;\" aria-level=\"1\"><span style=\"font-weight: 400;\">mums ir juridisks pien\u0101kums glab\u0101t sa\u0146emtos pieteikumus, piepras\u012bjumus un s\u016bdz\u012bbas (GDPR 6. panta 1. punkta c) apak\u0161punkts);<\/span><\/li>\n<li style=\"font-weight: 400;\" aria-level=\"1\"><span style=\"font-weight: 400;\">mums ir likum\u012bgas intereses aizsarg\u0101t savas ties\u012bbas ties\u0101s un cit\u0101s iest\u0101d\u0113s (GDPR 6. panta 1. punkta f) apak\u0161punkts).<\/span><\/li>\n<\/ul>\n<p>&nbsp;<\/p>\n<ol>\n<li style=\"font-weight: 400;\" aria-level=\"2\"><b>Vai j\u016bs apkopojat sensit\u012bvu inform\u0101c\u012bju par mani?<\/b><\/li>\n<\/ol>\n<p>&nbsp;<\/p>\n<p><span style=\"font-weight: 400;\">Sensit\u012bva inform\u0101cija par jums netiek apkopota un, ja t\u0101 neattiecas uz s\u016bdz\u012bbu, l\u016bdzu, neiek\u013caujiet \u0161\u0101du inform\u0101ciju, ja t\u0101 neattiecas uz j\u016bsu veikto vai pl\u0101noto pieteikumu. Ja tom\u0113r \u0161\u0101da inform\u0101cija tiek sniegta, m\u0113s uzskat\u012bsim, ka esat devis savu piekri\u0161anu \u0161\u0101das inform\u0101cijas apstr\u0101dei (GDPR 9. panta 2. punkta a) apak\u0161punkts).<\/span><\/p>\n<p>&nbsp;<\/p>\n<ul>\n<li aria-level=\"2\"><b>Vai j\u016bs dal\u0101ties ar maniem datiem ar cit\u0101m iest\u0101d\u0113m?<\/b><\/li>\n<\/ul>\n<p>&nbsp;<\/p>\n<p><span style=\"font-weight: 400;\">J\u016bsu inform\u0101cija var tik p\u0101rs\u016bt\u012bta:\u00a0<\/span><\/p>\n<ul>\n<li style=\"font-weight: 400;\" aria-level=\"1\"><span style=\"font-weight: 400;\">uz\u0146\u0113mumiem, kas sniedz juridiskus pakalpojumus un\/vai juridiskiem uz\u0146\u0113mumiem, cikt\u0101l tas nepiecie\u0161ams m\u016bsu likum\u012bgo intere\u0161u aizst\u0101v\u012bbai;<\/span><\/li>\n<li style=\"font-weight: 400;\" aria-level=\"1\"><span style=\"font-weight: 400;\">tiesu izpild\u012bt\u0101jiem, cikt\u0101l tas vajadz\u012bgs, lai atg\u016btu zaud\u0113jumus;<\/span><\/li>\n<li style=\"font-weight: 400;\" aria-level=\"1\"><span style=\"font-weight: 400;\">m\u016bsu pakalpojumu sniedz\u0113jiem \u2013 sakaru nodro\u0161in\u0101t\u0101ji (e-pasts) un datu repozitorijas pakalpojumi.<\/span><\/li>\n<\/ul>\n<p>&nbsp;<\/p>\n<ul>\n<li aria-level=\"2\"><b>Cik ilgi mani dat tiek uzglab\u0101ti?<\/b><\/li>\n<\/ul>\n<p>&nbsp;<\/p>\n<p><span style=\"font-weight: 400;\">J\u016bsu inform\u0101cija tiks uzglab\u0101ta:<\/span><\/p>\n<ul>\n<li style=\"font-weight: 400;\" aria-level=\"1\"><span style=\"font-weight: 400;\">ja j\u016bsu izmekl\u0113\u0161ana attiecas uz l\u012bgumu, ko m\u0113s esam nosl\u0113gu\u0161i vai pl\u0101nojam nosl\u0113gt, j\u016bsu inform\u0101cija tiks saglab\u0101ta 10 gadus p\u0113c l\u012bguma beig\u0101m;<\/span><\/li>\n<li style=\"font-weight: 400;\" aria-level=\"1\"><span style=\"font-weight: 400;\">ja j\u016bs mums esat iesniedzis s\u016bdz\u012bbu, piepras\u012bjumu vai jebk\u0101du citu pieteikumu, kas nav saist\u012bta ar l\u012bguma nosl\u0113g\u0161anu vai izpildi, m\u0113s to patur\u0113sim 1 gadu p\u0113c l\u0113muma pie\u0146em\u0161anas m\u016bsu uz\u0146\u0113mum\u0101;<\/span><\/li>\n<li style=\"font-weight: 400;\" aria-level=\"1\"><span style=\"font-weight: 400;\">tiesas vai citas str\u012bdu iz\u0161\u0137ir\u0161anas vai ties\u012bbsarg\u0101jo\u0161\u0101s instit\u016bcijas iesniegtos dokumentus glab\u0101 1 gadu p\u0113c gal\u012bg\u0101 l\u0113muma pie\u0146em\u0161anas;<\/span><\/li>\n<li style=\"font-weight: 400;\" aria-level=\"1\"><span style=\"font-weight: 400;\">tiesu izpildu r\u012bkojumus un tiesu izpild\u012bt\u0101ju r\u012bkojumus glab\u0101 10 gadus p\u0113c maks\u0101jumu beig\u0101m.<\/span><\/li>\n<\/ul>\n<p>&nbsp;<\/p>\n<ul>\n<li aria-level=\"2\"><b>K\u0101das darb\u012bbas es varu veikt sakar\u0101 ar maniem datiem, ko uzglab\u0101jiet?\u00a0<\/b><\/li>\n<\/ul>\n<p>&nbsp;<\/p>\n<p><span style=\"font-weight: 400;\">Lai veiktu k\u0101du no turpm\u0101k min\u0113taj\u0101m darb\u012bb\u0101m, l\u016bdzu, sazin\u0101ties ar mums, k\u0101 nor\u0101d\u012bts 10. punkt\u0101. L\u016bdzu, \u0146emiet v\u0113r\u0101, ka uz \u0161\u012bm ties\u012bb\u0101m var attiekties ar likumu noteikti iz\u0146\u0113mumi un ierobe\u017eojumi<\/span><span style=\"font-weight: 400;\">.<\/span><\/p>\n<ul>\n<li aria-level=\"1\"><b>Ties\u012bbas piepras\u012bt piek\u013c\u016bvi j\u016bsu inform\u0101c\u012bjai, ko uzglab\u0101jam, ja m\u0113s atpstr\u0101d\u0101jam j\u016bsu personas datus, kas iesp\u0113jo j\u016bsu identifik\u0101ciju;<\/b><\/li>\n<\/ul>\n<ul>\n<li aria-level=\"1\"><b>Ties\u012bbas piepras\u012bt labot vai papildin\u0101t inform\u0101c\u012bju par jums;<\/b><\/li>\n<\/ul>\n<ul>\n<li aria-level=\"1\"><b>Ties\u012bbas piepras\u012bt j\u016bsu datu dz\u0113\u0161anu ja:<\/b><\/li>\n<\/ul>\n<ul>\n<li aria-level=\"1\"><b>j\u016bsu dati tiek apstr\u0101d\u0101ti, pamatojoties uz j\u016bsu piekri\u0161anu;<\/b><\/li>\n<\/ul>\n<ul>\n<li aria-level=\"1\"><b>j\u016bsu dati tiek apstr\u0101d\u0101ti nelikum\u012bgi;<\/b><\/li>\n<\/ul>\n<ul>\n<li aria-level=\"1\"><b>j\u016bsu dati tiek apstr\u0101d\u0101ti, pamatojoties uz j\u016bsu likum\u012bgaj\u0101m interes\u0113m;<\/b><\/li>\n<\/ul>\n<ul>\n<li aria-level=\"1\"><b>j\u016bsu dati vairs nav nepiecie\u0161ami m\u0113r\u0137iem, k\u0101diem tie tika iev\u0101kti;<\/b><\/li>\n<\/ul>\n<ul>\n<li aria-level=\"1\"><b>mums ir juridisks pien\u0101kums dz\u0113st inform\u0101c\u012bju par jums;<\/b><\/li>\n<\/ul>\n<ul>\n<li style=\"list-style-type: none;\">\n<ul>\n<li style=\"font-weight: 400;\" aria-level=\"1\"><b>Ties\u012bbas piepras\u012bt, lai m\u0113s ierobe\u017eotu par jums uzglab\u0101to inform\u0101cijas apstr\u0101di, ja j\u016bs apstr\u012bdat datu precizit\u0101ti vai iebilstat pret datu apstr\u0101di, nepiekr\u012btat par jums nelikum\u012bgi apstr\u0101d\u0101to datu dz\u0113\u0161anai vai ja jums ir nepiecie\u0161ami dati likum\u012bgu pras\u012bbu noteik\u0161anai, izpildei vai aizsardz\u012bbai;<\/b><\/li>\n<\/ul>\n<\/li>\n<\/ul>\n<ul>\n<li aria-level=\"1\"><b>Ties\u012bbas apstr\u012bd\u0113t j\u016bsu inform\u0101c\u012bjas v\u0101k\u0161anu, izmanto\u0161anu un uzglab\u0101\u0161anu m\u016bsu uz\u0146\u0113mum\u0101, kur m\u0113s apstr\u0101d\u0101jam j\u016bsu datus, pamatojoties uz likum\u012bg\u0101m interes\u0113m;<\/b><\/li>\n<\/ul>\n<ul>\n<li aria-level=\"1\"><b>Ties\u012bbas piepras\u012bt savu datu eksport\u0113\u0161anu, ja j\u016bs mums esiet sniedzis datus struktur\u0113t\u0101, bie\u017ei lietot\u0101 form\u0101t\u0101 un devis piekri\u0161anu \u0161\u0101du datu apstr\u0101dai, vai ar\u012b mums \u0161ie dati bija jaapstr\u0101d\u0101, lai izpild\u012btu ar jums nosl\u0113gt\u0101 l\u012bguma punktus;<\/b><\/li>\n<\/ul>\n<ul>\n<li aria-level=\"1\"><b>Ties\u012bbas jebkur\u0101 laik\u0101 atsaukt piekri\u0161anu personas datu apstr\u0101dai (to var izdar\u012bt mainot p\u0101rl\u016bkprogrammas iestat\u012bjumus);<\/b><\/li>\n<\/ul>\n<ul>\n<li aria-level=\"1\"><b>Ties\u012bbas iesniegt s\u016bdz\u012bbu Datu Valsts Inspekc\u012bjai<\/b><\/li>\n<\/ul>\n<p>&nbsp;<\/p>\n<p>&nbsp;<\/p>\n<ul>\n<li aria-level=\"2\"><b>K\u0101 j\u016bs varat man pal\u012bdz\u0113t?\u00a0<\/b><\/li>\n<\/ul>\n<p>&nbsp;<\/p>\n<p><span style=\"font-weight: 400;\">Ja jums ir k\u0101di jaut\u0101jumi, koment\u0101ri s\u016bdz\u012bbas ar to k\u0101 m\u0113s iev\u0101cam, apstr\u0101d\u0101jam un glab\u0101jam j\u016bsu datus, m\u0113s esam gatavi pal\u012bdz\u0113t. Ja jums ir nepiecie\u0161ama pal\u012bdz\u012bba, l\u016bdzu, sazinaties ar mums e-pasts finance@robin.jobs.\u00a0<\/span><\/p>\n","protected":false},"excerpt":{"rendered":"<p>Atjaunots: 2021-06-01 &nbsp; SIA\u00a0 Robin Jobs g\u0101d\u0101 par j\u016bsu datu aizsardz\u012bbu. M\u0113s iev\u0113rojam Eiropas Savien\u012bbas Visp\u0101r\u0113jo Datu Regulu (GDPR), k\u0101 ar\u012b citus ties\u012bbu aktus, kuri aizsrag\u0101 j\u016bsu sniegto inform\u0101ciju m\u016bsu uz\u0146\u0113mumam, kur to m\u0113s iev\u0101cam, apstr\u0101d\u0101jam un glab\u0101jam.\u00a0 &nbsp; K\u0101 las\u012bt \u0161o konfidecialit\u0101tes politiku? &nbsp; \u0160\u012b Konfidencialit\u0101tes Politika atbild\u0113s uz galvenajiem jaut\u0101jumiem par to, k\u0101&#8230;<\/p>\n","protected":false},"author":1,"featured_media":0,"parent":0,"menu_order":0,"comment_status":"closed","ping_status":"closed","template":"page-templates\/privacy-policy.php","meta":{"_acf_changed":false,"inline_featured_image":false,"footnotes":""},"class_list":["post-1217855","page","type-page","status-publish","hentry"],"acf":[],"_links":{"self":[{"href":"https:\/\/robin.jobs\/lv\/wp-json\/wp\/v2\/pages\/1217855","targetHints":{"allow":["GET"]}}],"collection":[{"href":"https:\/\/robin.jobs\/lv\/wp-json\/wp\/v2\/pages"}],"about":[{"href":"https:\/\/robin.jobs\/lv\/wp-json\/wp\/v2\/types\/page"}],"author":[{"embeddable":true,"href":"https:\/\/robin.jobs\/lv\/wp-json\/wp\/v2\/users\/1"}],"replies":[{"embeddable":true,"href":"https:\/\/robin.jobs\/lv\/wp-json\/wp\/v2\/comments?post=1217855"}],"version-history":[{"count":4,"href":"https:\/\/robin.jobs\/lv\/wp-json\/wp\/v2\/pages\/1217855\/revisions"}],"predecessor-version":[{"id":1274528,"href":"https:\/\/robin.jobs\/lv\/wp-json\/wp\/v2\/pages\/1217855\/revisions\/1274528"}],"wp:attachment":[{"href":"https:\/\/robin.jobs\/lv\/wp-json\/wp\/v2\/media?parent=1217855"}],"curies":[{"name":"wp","href":"https:\/\/api.w.org\/{rel}","templated":true}]}}