{"id":1217853,"date":"2021-06-08T15:39:22","date_gmt":"2021-06-08T12:39:22","guid":{"rendered":"https:\/\/robin.jobs\/lv\/privacy-policy-for-website-visitors"},"modified":"2026-04-18T20:19:21","modified_gmt":"2026-04-18T17:19:21","slug":"privacy-policy-for-website-visitors","status":"publish","type":"page","link":"https:\/\/robin.jobs\/lv\/privacy-policy-for-website-visitors","title":{"rendered":"SIA ROBIN JOBS  KONFIDENCIALIT\u0100TES POLITIKA T\u012aMEK\u013bA VIETNES APMEKL\u0112T\u0100JIEM"},"content":{"rendered":"<p><b>Atjaunota: 2021-06-01<\/b><\/p>\n<p>&nbsp;<\/p>\n<p><span style=\"font-weight: 400;\">SIA\u00a0 Robin Jobs g\u0101d\u0101 par j\u016bsu datu aizsardz\u012bbu. M\u0113s iev\u0113rojam Eiropas Savien\u012bbas Visp\u0101r\u0113jo Datu Regulu (GDPR), k\u0101 ar\u012b citus ties\u012bbu aktus, kuri aizsrag\u0101 j\u016bsu sniegto inform\u0101ciju m\u016bsu uz\u0146\u0113mumam, kur to m\u0113s iev\u0101cam, apstr\u0101d\u0101jam un glab\u0101jam.\u00a0<\/span><\/p>\n<p>&nbsp;<\/p>\n<ul>\n<li aria-level=\"1\"><b>K\u0101 las\u012bt \u0161o konfidecialit\u0101tes politiku?\u00a0<\/b><\/li>\n<\/ul>\n<p>&nbsp;<\/p>\n<p><span style=\"font-weight: 400;\">\u0160\u012b Konfidencialit\u0101tes Politika atbild\u0113s uz galvenajiem jaut\u0101jumiem par to, k\u0101 m\u0113s apkopojam, izmantojam un uzglab\u0101jam j\u016bsu datus. Ja jums ir k\u0101di jaut\u0101jumi vai k\u0101da \u0161\u012b pazi\u0146ojuma da\u013ca ir neskaidra, m\u0113s esam gatavi pal\u012bdz\u0113t, k\u0101 aprakst\u012bts \u0161is Konfidencialit\u0101tes politikas 10. sada\u013c\u0101. L\u016bdzu, \u0146emiet v\u0113r\u0101, ka jebkura atsauce uz \u201cm\u0113s\u201d \u0161aj\u0101 Kofidencialit\u0101tes politik\u0101 noz\u012bm\u0113 m\u016bsu uz\u0146\u0113mumu, k\u0101 nor\u0101d\u012bts Kofidencialit\u0101tes politikas 2. sada\u013c\u0101.\u00a0\u00a0<\/span><\/p>\n<p>&nbsp;<\/p>\n<ul>\n<li aria-level=\"1\"><b>Kas ir atbild\u012bgs par manu datu aizsardz\u012bbu?\u00a0<\/b><\/li>\n<\/ul>\n<p>&nbsp;<\/p>\n<p><span style=\"font-weight: 400;\">M\u0113s \u2013<\/span> <span style=\"font-weight: 400;\">SIA<\/span> <span style=\"font-weight: 400;\">Robin Jobs;<\/span><\/p>\n<p><span style=\"font-weight: 400;\">Uz\u0146\u0113muma re\u0123istr\u0101cijas nummurs: 50203093261;<\/span><\/p>\n<p><span style=\"font-weight: 400;\">Adrese: A. \u010caka iela 55, R\u012bga, LV 1003;<\/span><\/p>\n<p><span style=\"font-weight: 400;\">E-pasts: finance@robin.jobs<\/span><\/p>\n<p>&nbsp;<\/p>\n<ul>\n<li aria-level=\"1\"><b>K\u0101d\u0113\u013c j\u016bs apkopojiet manus datus?\u00a0<\/b><\/li>\n<\/ul>\n<p>&nbsp;<\/p>\n<p><span style=\"font-weight: 400;\">M\u0113s nodro\u0161in\u0101m publisko piek\u013cuvi t\u012bmek\u013ca vietnei <\/span><a href=\"https:\/\/robin.jobs\/\"><span style=\"font-weight: 400;\">robin.jobs<\/span><\/a><span style=\"font-weight: 400;\">, atbalstu un t\u0101s uzlabojumus, k\u0101 ar\u012b nodro\u0161in\u0101m t\u0101s funkc\u012bju pien\u0101c\u012bgu darb\u012bbu. \u0160o iemeslu d\u0113\u013c tiek izmantoti s\u012bkfaili. Pla\u0161\u0101ku inform\u0101ciju par m\u016bsu vietn\u0113 izmantotajiem s\u012bkfailiem un to m\u0113r\u0137iem ir piejama \u201cS\u012bkfailu politik\u0101\u201d.<\/span><\/p>\n<p>&nbsp;<\/p>\n<ul>\n<li aria-level=\"1\"><b>K\u0101dus manu datus j\u016bs apkopojiet, izmantojiet un uzglab\u0101jiet?\u00a0<\/b><\/li>\n<\/ul>\n<p>&nbsp;<\/p>\n<p><span style=\"font-weight: 400;\">P\u0101rl\u016bkojot m\u016bsu t\u012bmek\u013ca vietni, ja esiet devis savu piekri\u0161anu anal\u012btisko s\u012bkfailu izmanto\u0161anai, m\u0113s apkopojam anona\u012bmus datus no \u0161\u0101diem s\u012bkfailiem par j\u016bsu p\u0101rl\u016bko\u0161anas tendenc\u0113m m\u016bsu t\u012bmek\u013ca vietn\u0113, demogr\u0101fiskajiem datiem, p\u0101rl\u016bko\u0161anai izmantoto p\u0101rl\u016bkprogrammu un operat\u012bvo sist\u0113mu.\u00a0<\/span><\/p>\n<p>&nbsp;<\/p>\n<p><span style=\"font-weight: 400;\">M\u0113s nevaram izmantot s\u012bkfailus m\u016bsu Facebook kont\u0101, tom\u0113r tos sev izmanto Facebook. Pla\u0161\u0101ka inform\u0101cija par to, k\u0101 Facebook apkopo, izmanto un uzglab\u0101 j\u016bsu datus skat\u012bt <\/span><a href=\"https:\/\/www.facebook.com\/policy.php\" target=\"_blank\" rel=\"noopener\"><span style=\"font-weight: 400;\">Facebook Privacy Policy<\/span><\/a><span style=\"font-weight: 400;\">.<\/span><\/p>\n<p>&nbsp;<\/p>\n<ul>\n<li aria-level=\"1\"><b>Vai j\u016bs izmantojiet s\u012bkfailus?\u00a0<\/b><\/li>\n<\/ul>\n<p>&nbsp;<\/p>\n<p><span style=\"font-weight: 400;\">J\u0101. M\u0113s izmantojam s\u012bkfailus k\u0101 nor\u0101d\u012bs \u201cS\u012bkfailu politika\u201d\u00a0<\/span><\/p>\n<p>&nbsp;<\/p>\n<ul>\n<li aria-level=\"1\"><b>K\u0101ds ir juridiskais pamats manu datu apkopo\u0161anai?\u00a0<\/b><\/li>\n<\/ul>\n<p>&nbsp;<\/p>\n<p><span style=\"font-weight: 400;\">J\u016bsu dati\/inform\u0101cija tiek likum\u012bgi apkopota \u0161\u0101du iemselu d\u0113\u013c;<\/span><\/p>\n<ul>\n<li style=\"font-weight: 400;\" aria-level=\"1\"><span style=\"font-weight: 400;\">pamatojoties uz m\u016bsu likum\u012bg\u0101m interes\u0113m izmantot s\u012bkdatnes, kas ir oblig\u0101tas pareiza t\u012bmek\u013ca vietnes darb\u012bbai un t\u0101s funkcij\u0101m (GDPR 6. panta 1. punkta f. apak\u0161punkts.);<\/span><\/li>\n<li style=\"font-weight: 400;\" aria-level=\"1\"><span style=\"font-weight: 400;\">pamatojoties uz j\u016bsu piekri\u0161anu anal\u012btisko un rekl\u0101mas s\u012bkfailu izmanto\u0161anu (GDPR 6.panta 1. punkta a. apak\u0161punkta).\u00a0<\/span><\/li>\n<\/ul>\n<p>&nbsp;<\/p>\n<ul>\n<li aria-level=\"1\"><b>Vai koplietojat manus datus ar cit\u0101m person\u0101m?<\/b><\/li>\n<\/ul>\n<p>&nbsp;<\/p>\n<p><span style=\"font-weight: 400;\">M\u0113s varam koplietot datus ar m\u016bsu IT pakalpojumu sniedz\u0113jiem, t\u012bmek\u013ca vietnes uztur\u0113\u0161anas un atbalsta sniedz\u0113jiem, s\u012bkfailu pakalopojumu sniedz\u0113jiem.\u00a0<\/span><\/p>\n<p>&nbsp;<\/p>\n<ul>\n<li aria-level=\"1\"><b>Cik ilgi j\u016bs uzglab\u0101jiet manus datus?\u00a0<\/b><\/li>\n<\/ul>\n<p>&nbsp;<\/p>\n<p><span style=\"font-weight: 400;\">S\u012bkfailu inform\u0101c\u012bja tiek glab\u0101ta k\u0101rt\u012bb\u0101, k\u0101 nor\u0101d\u012bs S\u012bkfailu politik\u0101.\u00a0<\/span><\/p>\n<p>&nbsp;<\/p>\n<ul>\n<li aria-level=\"1\"><b>K\u0101das darb\u012bbas es varu veikt saist\u012bb\u0101 ar maniem datiem, ko uzglab\u0101 j\u016bsu uz\u0146\u0113mums?<\/b><\/li>\n<\/ul>\n<p>&nbsp;<\/p>\n<p><span style=\"font-weight: 400;\">Lai veiktu k\u0101du no turpm\u0101k min\u0113taj\u0101m darb\u012bb\u0101m, l\u016bdzu, sazin\u0101ties ar mums, k\u0101 nor\u0101d\u012bs 10. punkt\u0101. L\u016bdzu, \u0146emiet v\u0113ra, ka uz \u0161\u012bm ties\u012bb\u0101m attiecas ar likumu noteikti nosac\u012bjumi un iz\u0146\u0113mumi.\u00a0<\/span><\/p>\n<p>&nbsp;<\/p>\n<ul>\n<li aria-level=\"1\"><b>Ties\u012bbas piepras\u012bt piek\u013cuvi j\u016bsu inform\u0101c\u012bjai, ko uzglab\u0101jam, ja m\u0113s atpstr\u0101d\u0101jam j\u016bsu personas datus, kas iesp\u0113jo j\u016bsu identifik\u0101ciju;<\/b><\/li>\n<\/ul>\n<ul>\n<li aria-level=\"1\"><b>Ties\u012bbas piepras\u012bt labot vai papildin\u0101t inform\u0101c\u012bju par jums;<\/b><\/li>\n<\/ul>\n<ul>\n<li aria-level=\"1\"><b>Ties\u012bbas piepras\u012bt j\u016bsu datu dz\u0113\u0161anu ja:<\/b><\/li>\n<\/ul>\n<ul>\n<li aria-level=\"1\"><b>j\u016bsu dati tiek apstr\u0101d\u0101ti, pamatojoties uz j\u016bsu piekri\u0161anu;<\/b><\/li>\n<\/ul>\n<ul>\n<li aria-level=\"1\"><b>j\u016bsu dati tiek apstr\u0101d\u0101ti nelikum\u012bgi;<\/b><\/li>\n<\/ul>\n<ul>\n<li aria-level=\"1\"><b>j\u016bsu dati tiek apstr\u0101d\u0101ti, pamatojoties uz j\u016bsu likum\u012bgaj\u0101m interes\u0113m;<\/b><\/li>\n<\/ul>\n<ul>\n<li aria-level=\"1\"><b>j\u016bsu dati vairs nav nepiecie\u0161ami m\u0113r\u0137iem, k\u0101diem tie tika iev\u0101kti;<\/b><\/li>\n<\/ul>\n<ul>\n<li aria-level=\"1\"><b>mums ir juridisks pien\u0101kums dz\u0113st inform\u0101c\u012bju par jums;<\/b><\/li>\n<\/ul>\n<p>&nbsp;<\/p>\n<ul>\n<li style=\"list-style-type: none;\">\n<ul>\n<li style=\"font-weight: 400;\" aria-level=\"1\"><b>Ties\u012bbas piepras\u012bt, lai m\u0113s ierobe\u017eotu par jums uzglab\u0101to inform\u0101cijas apstr\u0101di, ja j\u016bs apstr\u012bdat datu precizit\u0101ti vai iebilstat pret datu apstr\u0101di, nepiekr\u012btat par jums nelikum\u012bgi apstr\u0101d\u0101to datu dz\u0113\u0161anai vai, ja jums ir nepiecie\u0161ami dati likum\u012bgu pras\u012bbu noteik\u0161anai, izpildei vai aizsardz\u012bbai;<\/b><\/li>\n<\/ul>\n<\/li>\n<\/ul>\n<ul>\n<li aria-level=\"1\"><b>Ties\u012bbas apstr\u012bd\u0113t j\u016bsu inform\u0101c\u012bjas v\u0101k\u0161anu, izmanto\u0161anu un uzglab\u0101\u0161anu m\u016bsu uz\u0146\u0113mum\u0101, kur m\u0113s apstr\u0101d\u0101jam j\u016bsu datus, pamatojoties uz likum\u012bg\u0101m interes\u0113m;<\/b><\/li>\n<\/ul>\n<ul>\n<li aria-level=\"1\"><b>Ties\u012bbas piepras\u012bt savu datu eksport\u0113\u0161anu, ja j\u016bs mums esiet sniedzis datus struktur\u0113t\u0101, bie\u017ei lietot\u0101 form\u0101t\u0101 un devis piekri\u0161anu \u0161\u0101du datu apstr\u0101dai, vai ar\u012b mums \u0161ie dati bija jaapstr\u0101d\u0101, lai izpild\u012btu ar jums nosl\u0113gt\u0101 l\u012bguma punktus;<\/b><\/li>\n<\/ul>\n<ul>\n<li aria-level=\"1\"><b>Ties\u012bbas jebkur\u0101 laik\u0101 atsaukt piekri\u0161anu personas datu apstr\u0101dai (to var izdar\u012bt mainot p\u0101rl\u016bkprogrammas iestat\u012bjumus);<\/b><\/li>\n<\/ul>\n<ul>\n<li aria-level=\"1\"><b>Ties\u012bbas iesniegt s\u016bdz\u012bbu Datu Valsts Inspekc\u012bjai<\/b><\/li>\n<\/ul>\n<p>&nbsp;<\/p>\n<p>&nbsp;<\/p>\n<ul>\n<li aria-level=\"1\"><b>K\u0101 m\u0113s varam pal\u012bdz\u0113t?\u00a0<\/b><\/li>\n<\/ul>\n<p>&nbsp;<\/p>\n<p><span style=\"font-weight: 400;\">Ja jums ir k\u0101di jaut\u0101jumi, koment\u0101ri s\u016bdz\u012bbas ar to k\u0101 m\u0113s iev\u0101cam, apstr\u0101d\u0101jam un glab\u0101jam j\u016bsu datus, m\u0113s esam gatavi pal\u012bdz\u0113t. Ja jums ir nepiecie\u0161ama pal\u012bdz\u012bba, l\u016bdzu, sazinaties ar mums e-pasts finance@robin.jobs.\u00a0<\/span><\/p>\n<p>&nbsp;<\/p>\n","protected":false},"excerpt":{"rendered":"<p>Atjaunota: 2021-06-01 &nbsp; SIA\u00a0 Robin Jobs g\u0101d\u0101 par j\u016bsu datu aizsardz\u012bbu. M\u0113s iev\u0113rojam Eiropas Savien\u012bbas Visp\u0101r\u0113jo Datu Regulu (GDPR), k\u0101 ar\u012b citus ties\u012bbu aktus, kuri aizsrag\u0101 j\u016bsu sniegto inform\u0101ciju m\u016bsu uz\u0146\u0113mumam, kur to m\u0113s iev\u0101cam, apstr\u0101d\u0101jam un glab\u0101jam.\u00a0 &nbsp; K\u0101 las\u012bt \u0161o konfidecialit\u0101tes politiku?\u00a0 &nbsp; \u0160\u012b Konfidencialit\u0101tes Politika atbild\u0113s uz galvenajiem jaut\u0101jumiem par to, k\u0101&#8230;<\/p>\n","protected":false},"author":1,"featured_media":0,"parent":0,"menu_order":0,"comment_status":"closed","ping_status":"closed","template":"page-templates\/privacy-policy.php","meta":{"_acf_changed":false,"inline_featured_image":false,"footnotes":""},"class_list":["post-1217853","page","type-page","status-publish","hentry"],"acf":[],"_links":{"self":[{"href":"https:\/\/robin.jobs\/lv\/wp-json\/wp\/v2\/pages\/1217853","targetHints":{"allow":["GET"]}}],"collection":[{"href":"https:\/\/robin.jobs\/lv\/wp-json\/wp\/v2\/pages"}],"about":[{"href":"https:\/\/robin.jobs\/lv\/wp-json\/wp\/v2\/types\/page"}],"author":[{"embeddable":true,"href":"https:\/\/robin.jobs\/lv\/wp-json\/wp\/v2\/users\/1"}],"replies":[{"embeddable":true,"href":"https:\/\/robin.jobs\/lv\/wp-json\/wp\/v2\/comments?post=1217853"}],"version-history":[{"count":3,"href":"https:\/\/robin.jobs\/lv\/wp-json\/wp\/v2\/pages\/1217853\/revisions"}],"predecessor-version":[{"id":1274529,"href":"https:\/\/robin.jobs\/lv\/wp-json\/wp\/v2\/pages\/1217853\/revisions\/1274529"}],"wp:attachment":[{"href":"https:\/\/robin.jobs\/lv\/wp-json\/wp\/v2\/media?parent=1217853"}],"curies":[{"name":"wp","href":"https:\/\/api.w.org\/{rel}","templated":true}]}}